{"id":2,"date":"2016-05-10T03:48:21","date_gmt":"2016-05-10T03:48:21","guid":{"rendered":"http:\/\/jpbittencourt.com.br\/?page_id=2"},"modified":"2021-02-20T20:26:06","modified_gmt":"2021-02-20T20:26:06","slug":"sample-page","status":"publish","type":"page","link":"https:\/\/jpbittencourt.com.br\/","title":{"rendered":"Sobre o Advogado"},"content":{"rendered":"<p style=\"text-align: left;\"><strong>Jos\u00e9 Paulo Bittencourt J\u00fanior<\/strong> \u00e9 advogado inscrito na <strong>OAB\/SC 17.037<\/strong>, e tamb\u00e9m \u00e9 professor universit\u00e1rio. Atua na advocacia desde julho de 2002 e na \u00e1rea acad\u00eamica desde agosto de 2006.<\/p>\n<p style=\"text-align: left;\">Advogado atuante na \u00e1rea c\u00edvel, especialmente no Direito Imobili\u00e1rio e de Fam\u00edlia. \u00c9 graduado em Direito pela <strong>UNISUL<\/strong> e p\u00f3s-graduado em Direito Processual Civil tamb\u00e9m pela <strong>UNISUL<\/strong>.<\/p>\n<p style=\"text-align: left;\">No ano de 2010 foi nomeado como conselheiro titular subseccional da OAB de Tubar\u00e3o, onde atuou por 03 (tr\u00eas) anos. Atualmente Professor titular da cadeira de Direito Processual Civil e do N\u00edvel III do Est\u00e1gio obrigat\u00f3rio do Curso de Direito da UNISUL\/TB.<\/p>\n<p style=\"text-align: left;\">Entre os anos de 2015 a 2018 foi nomeado como Supervisor Jur\u00eddico do N\u00facleo de Pr\u00e1tica Jur\u00eddica \u2013 NPJ \u2013 do Curso de Direito da UNISUL\/TB e tamb\u00e9m atuou como Coordenador Operacional da P\u00f3s-Gradua\u00e7\u00e3o em Direito P\u00fablico da Escola Superior da Magistratura de Santa Catarina &#8211; <strong>ESMESC<\/strong> &#8211; em conv\u00eanio com a UNISUL, junto \u00e0 turma inaugural do ano de 2015.<\/p>\n\n\n<figure class=\"wp-block-image size-large\"><img loading=\"lazy\" width=\"800\" height=\"429\" src=\"http:\/\/jpbittencourt.com.br\/wp-content\/uploads\/2021\/02\/escritorio-1.jpg\" alt=\"\" class=\"wp-image-36\" srcset=\"https:\/\/jpbittencourt.com.br\/wp-content\/uploads\/2021\/02\/escritorio-1.jpg 800w, https:\/\/jpbittencourt.com.br\/wp-content\/uploads\/2021\/02\/escritorio-1-300x161.jpg 300w, https:\/\/jpbittencourt.com.br\/wp-content\/uploads\/2021\/02\/escritorio-1-768x412.jpg 768w\" sizes=\"(max-width: 767px) 89vw, (max-width: 1000px) 54vw, (max-width: 1071px) 543px, 580px\" \/><\/figure>\n","protected":false},"excerpt":{"rendered":"<p>Jos\u00e9 Paulo Bittencourt J\u00fanior \u00e9 advogado inscrito na OAB\/SC 17.037, e tamb\u00e9m \u00e9 professor universit\u00e1rio. Atua na advocacia desde julho de 2002 e na \u00e1rea acad\u00eamica desde agosto de 2006. Advogado atuante na \u00e1rea c\u00edvel, especialmente no Direito Imobili\u00e1rio e de Fam\u00edlia. \u00c9 graduado em Direito pela UNISUL e p\u00f3s-graduado em Direito Processual Civil tamb\u00e9m &hellip; <\/p>\n<p class=\"link-more\"><a href=\"https:\/\/jpbittencourt.com.br\/\" class=\"more-link\">Continue lendo<span class=\"screen-reader-text\"> &#8220;Sobre o Advogado&#8221;<\/span><\/a><\/p>\n","protected":false},"author":1,"featured_media":0,"parent":0,"menu_order":0,"comment_status":"closed","ping_status":"open","template":"","meta":[],"_links":{"self":[{"href":"https:\/\/jpbittencourt.com.br\/index.php?rest_route=\/wp\/v2\/pages\/2"}],"collection":[{"href":"https:\/\/jpbittencourt.com.br\/index.php?rest_route=\/wp\/v2\/pages"}],"about":[{"href":"https:\/\/jpbittencourt.com.br\/index.php?rest_route=\/wp\/v2\/types\/page"}],"author":[{"embeddable":true,"href":"https:\/\/jpbittencourt.com.br\/index.php?rest_route=\/wp\/v2\/users\/1"}],"replies":[{"embeddable":true,"href":"https:\/\/jpbittencourt.com.br\/index.php?rest_route=%2Fwp%2Fv2%2Fcomments&post=2"}],"version-history":[{"count":3,"href":"https:\/\/jpbittencourt.com.br\/index.php?rest_route=\/wp\/v2\/pages\/2\/revisions"}],"predecessor-version":[{"id":37,"href":"https:\/\/jpbittencourt.com.br\/index.php?rest_route=\/wp\/v2\/pages\/2\/revisions\/37"}],"wp:attachment":[{"href":"https:\/\/jpbittencourt.com.br\/index.php?rest_route=%2Fwp%2Fv2%2Fmedia&parent=2"}],"curies":[{"name":"wp","href":"https:\/\/api.w.org\/{rel}","templated":true}]}}